{"id":1796,"date":"2017-08-22T14:04:35","date_gmt":"2017-08-22T12:04:35","guid":{"rendered":"http:\/\/seltmann-naturfoto.de\/cms\/?page_id=1796"},"modified":"2017-08-23T09:01:13","modified_gmt":"2017-08-23T07:01:13","slug":"konzeptionelle-fotografie","status":"publish","type":"page","link":"http:\/\/seltmann-naturfoto.de\/cms\/konzeptionelle-fotografie\/","title":{"rendered":"Konzeptionelle Fotografie"},"content":{"rendered":"<p><a href=\"http:\/\/seltmann-naturfoto.de\/cms\/wp-content\/uploads\/2017\/08\/Text-konzept.png\"><img loading=\"lazy\" decoding=\"async\" class=\"alignnone wp-image-1813\" src=\"http:\/\/seltmann-naturfoto.de\/cms\/wp-content\/uploads\/2017\/08\/Text-konzept.png\" alt=\"\" data-id=\"1800\" width=\"564\" height=\"820\" srcset=\"http:\/\/seltmann-naturfoto.de\/cms\/wp-content\/uploads\/2017\/08\/Text-konzept.png 688w, http:\/\/seltmann-naturfoto.de\/cms\/wp-content\/uploads\/2017\/08\/Text-konzept-206x300.png 206w\" sizes=\"(max-width: 564px) 100vw, 564px\" \/><\/a><\/p>\n<p><strong>&nbsp;\u2013 was ist das denn \u2026?<\/strong><\/p>\n<p>&#8222;Konzeptionelle Fotografie&#8220; &#8211; wieder ein neuer Begriff ? Ja, vielleicht, aber auch nicht wirklich. Im Internet findet man unter diesem Begriff so etwas wie gestaltete Bilder. F\u00fcr mich ist \u201eKonzeptionelle Fotografie\u201c die Verkn\u00fcpfung von Aufnahmen zu einem bestimmten Thema mit einer Erl\u00e4uterung oder einem Konzept dazu \u2013 oder kurz, ich fotografiere und schreibe Texte dazu. Auf jeden Fall mache ich mir Gedanken um das, was ich fotografiere. Meine Motive sind historische Bauten, wie Schl\u00f6sser und Burgen, St\u00e4tten des historischen Bergbaus und vieles andere. Konzeptionelle Fotografie ist f\u00fcr MICH die Verkn\u00fcpfung von Bild mit dem Hintergrund zum Bild. Gemeint dabei ist die Story hinter dem Bild. Konzeptionelle Fotografie \u2013 dahinter stehen f\u00fcr mich saubere, echte Recherchen, die nat\u00fcrlich weit \u00fcber Wikipedia und das Internet hinausgehen, auch wenn diese beiden eine wichtige Rolle spielen. Echte Recherchen f\u00fchren in Bibliotheken, den Wissenschaftlichen Altbestand der Universit\u00e4tsbibliothek, in das Stadtarchiv, ins Bergarchiv Freiberg, ins S\u00e4chsische Staatsarchiv oder ins Archiv unseres Stadt- und Bergbaumuseums. Aus den vielen Bausteinen entsteht dann ein Informationsmosaik. Selbstredend arbeite ich dabei mit vielen konstruktiven Kooperationspartnern zusammen. Als Produkte entstehen meine thematischen Gru\u00dfkarten (Klappkarten) zu historischen Geb\u00e4uden oder Personen, wie z.B. \u00fcber den Begr\u00fcnder der modernen Mineralogie, Abraham Gottlob Werner, oder eben auch Konzepte. Nat\u00fcrlich lege ich die Literatur, aus der ich mein Wissen habe, sowie die Herkunft meiner eingebundenen Bilder in einem Literatur- oder Quellenverzeichnis offen, ich habe ja hier in Freiberg ordentlich studiert und bin nicht ein gewisser K.T. \u2026<\/p>\n<p>Konzeptionelle Fotografie \u2013 das ist das Foto mit Wissen \u2026 &#8211; Wie schlau ist das denn \u2026?<\/p>\n<p>Dr. Udo Seltmann&nbsp; |&nbsp; Freiberg<\/p>\n<p>&nbsp;<\/p>\n","protected":false},"excerpt":{"rendered":"<p>&nbsp;\u2013 was ist das denn \u2026? &#8222;Konzeptionelle Fotografie&#8220; &#8211; wieder ein neuer Begriff ? Ja, vielleicht, aber auch nicht wirklich. Im Internet findet man unter diesem Begriff so etwas wie gestaltete Bilder. F\u00fcr mich ist \u201eKonzeptionelle Fotografie\u201c die Verkn\u00fcpfung von Aufnahmen zu einem bestimmten Thema mit einer Erl\u00e4uterung oder einem Konzept dazu \u2013 oder kurz, [&hellip;]<\/p>\n","protected":false},"author":1,"featured_media":0,"parent":0,"menu_order":0,"comment_status":"closed","ping_status":"closed","template":"","meta":{"ngg_post_thumbnail":0,"footnotes":""},"_links":{"self":[{"href":"http:\/\/seltmann-naturfoto.de\/cms\/wp-json\/wp\/v2\/pages\/1796"}],"collection":[{"href":"http:\/\/seltmann-naturfoto.de\/cms\/wp-json\/wp\/v2\/pages"}],"about":[{"href":"http:\/\/seltmann-naturfoto.de\/cms\/wp-json\/wp\/v2\/types\/page"}],"author":[{"embeddable":true,"href":"http:\/\/seltmann-naturfoto.de\/cms\/wp-json\/wp\/v2\/users\/1"}],"replies":[{"embeddable":true,"href":"http:\/\/seltmann-naturfoto.de\/cms\/wp-json\/wp\/v2\/comments?post=1796"}],"version-history":[{"count":8,"href":"http:\/\/seltmann-naturfoto.de\/cms\/wp-json\/wp\/v2\/pages\/1796\/revisions"}],"predecessor-version":[{"id":1816,"href":"http:\/\/seltmann-naturfoto.de\/cms\/wp-json\/wp\/v2\/pages\/1796\/revisions\/1816"}],"wp:attachment":[{"href":"http:\/\/seltmann-naturfoto.de\/cms\/wp-json\/wp\/v2\/media?parent=1796"}],"curies":[{"name":"wp","href":"https:\/\/api.w.org\/{rel}","templated":true}]}}